{"id":55,"date":"2023-04-03T19:19:57","date_gmt":"2023-04-03T17:19:57","guid":{"rendered":"https:\/\/consolatozurigo.esteri.it\/?page_id=55"},"modified":"2023-04-03T19:19:57","modified_gmt":"2023-04-03T17:19:57","slug":"dal_consolato","status":"publish","type":"page","link":"https:\/\/conscaracas.esteri.it\/it\/news\/dal_consolato\/","title":{"rendered":"Dal Consolato"},"content":{"rendered":"        <div class=\"row\">\n\t\t\t<!-- Ricerca sedi post -->\n\t\t\t<div class=\"col-12 mt-4\">\n\t\t\t  <div class=\"callout callout-highlight note ricerca-esteri p-4\">\n                    <div class=\"callout-title\">\n                        <svg class=\"icon\">\n                            <use xlink:href=\"https:\/\/conscaracas.esteri.it\/wp-content\/themes\/sedi-tema\/assets\/svg\/sprites.svg#it-search\"><\/use>\n                        <\/svg>Inserisci i parametri di ricerca                    <\/div>\n                    <form id=\"searchFormPost\" name=\"form-search-post\" class=\"form-row align-items-center\" action=\"https:\/\/conscaracas.esteri.it\/it\/wp-json\/wp\/v2\/pages\/55\/\" method=\"GET\"> \n                        <!-- <div class=\"form-group pt-5\"> -->\n                            <!-- <input type=\"hidden\" id=\"lang\" name=\"lang\" value=\"\"> --> <!-- <\/div> -->\n\n                        <div class=\"it-datepicker-wrapper\">\n                            <div class=\"row\">\n                                <div class=\"form-group col-md-6\">\n                                    <label class=\"active\" for=\"date-init\">Dal<\/label>\n                                    <input class=\"form-control\" name=\"date-init\" id=\"date-init\" type=\"date\" placeholder=\"gg\/mm\/aaaa\" value=\"\"lang=\"en-EN\">  \n                                <\/div>\n                                <div class=\"form-group col-md-6\">\n                                    <label class=\"active\" for=\"date-end\">Al<\/label>\n                                    <input class=\"form-control\" name=\"date-end\" id=\"date-end\" type=\"date\" placeholder=\"gg\/mm\/aaaa\" value=\"\">\n                                <\/div>\n                            <\/div>\n                        <\/div>\n                        <div class=\"form-group col-md-12 mt-3\">\n                            <label for=\"searchText\">Campo ricerca libera<\/label>\n                            <input type=\"text\" name=\"searchText\" class=\"form-control\" id=\"searchText\" value=\"\">\n                        <\/div>\n                        <div class=\"form-group col-md-4 offset-md-8 text-end\">\n                            <a href=\"https:\/\/conscaracas.esteri.it\/it\/news\/dal_consolato\/\" title=\"Form reset\" id=\"resetImput\" class=\"btn btn-outline-primary btn-xs\">Reset<\/a>\n                            <button type=\"submit\" class=\"btn btn-primary btn-xs\">Mostra risultati<\/button>\n                        <\/div>\n                    <\/form>\n\t\t\t\t<\/div>\n\t\t\t<\/div>\n\t\t<\/div>\n                    \n            <div class=\"row\">\n                            <div class=\"col-12 mt-3\">\n                <!--start card-->\n                <div class=\"card-wrapper card-space\">\n                    <div class=\"card card-bg card-big border-bottom-card\">\n                        <div class=\"card-body \">\n                                                        <div class=\"category-top\">\n                                                                                                            <span class=\"\">\n                                        <svg class=\"icon icon-secondary\">\n                                            <use xlink:href=\"https:\/\/conscaracas.esteri.it\/wp-content\/themes\/sedi-tema\/assets\/svg\/sprites.svg#it-calendar\"><\/use>\n                                        <\/svg> 2 Settembre 2026                                    <\/span>\n                                                                    <\/div>\n                            <h5 class=\"card-title big-heading text-uppercase\"><a class=\"text-body text-decoration-none\" href=\"https:\/\/conscaracas.esteri.it\/it\/news\/dal_consolato\/2026\/09\/indizione-delle-elezioni-per-il-rinnovo-dei-comitati-degli-italiani-allestero-com-it-es\/\" title=\"Indizione delle elezioni per il rinnovo dei Comitati degli Italiani all\u2019Estero (Com.It.Es)\">Indizione delle elezioni per il rinnovo dei Comitati degli Italiani all\u2019Estero (Com.It.Es)<\/a><\/h5>\n                            <p class=\"card-text\">Con decreto del Console generale, sono indette le elezioni per il rinnovo dei Comitati degli Italiani all\u2019Estero (Com.It.Es).<\/p>\n                                <a title=\"Indizione delle elezioni per il rinnovo dei Comitati degli Italiani all\u2019Estero (Com.It.Es)\" class=\"read-more\" href=\"https:\/\/conscaracas.esteri.it\/it\/news\/dal_consolato\/2026\/09\/indizione-delle-elezioni-per-il-rinnovo-dei-comitati-degli-italiani-allestero-com-it-es\/\">\n                                    <span class=\"text\">Leggi di pi\u00f9<\/span>\n                                    <svg class=\"icon\">\n                                    <use xlink:href=\"https:\/\/conscaracas.esteri.it\/wp-content\/themes\/sedi-tema\/assets\/svg\/sprites.svg#it-arrow-right\"><\/use>\n                                    <\/svg>\n                                <\/a>\n                                                    <\/div>\n                    <\/div>\n                <\/div>\n                <!--end card-->\n                <\/div><!-- col-12 .mt-3-->\n                            <div class=\"col-12 mt-3\">\n                <!--start card-->\n                <div class=\"card-wrapper card-space\">\n                    <div class=\"card card-bg card-big border-bottom-card\">\n                        <div class=\"card-body \">\n                                                        <div class=\"category-top\">\n                                                                                                            <span class=\"\">\n                                        <svg class=\"icon icon-secondary\">\n                                            <use xlink:href=\"https:\/\/conscaracas.esteri.it\/wp-content\/themes\/sedi-tema\/assets\/svg\/sprites.svg#it-calendar\"><\/use>\n                                        <\/svg> 1 Settembre 2026                                    <\/span>\n                                                                    <\/div>\n                            <h5 class=\"card-title big-heading text-uppercase\"><a class=\"text-body text-decoration-none\" href=\"https:\/\/conscaracas.esteri.it\/it\/news\/dal_consolato\/2026\/09\/elezioni-per-il-rinnovo-dei-comitati-degli-italiani-allestero-com-it-es-presentazione-liste\/\" title=\"ELEZIONI PER IL RINNOVO DEI COMITATI DEGLI ITALIANI ALL\u2019ESTERO (COM.IT.ES) \u2013 PRESENTAZIONE LISTE\">ELEZIONI PER IL RINNOVO DEI COMITATI DEGLI ITALIANI ALL\u2019ESTERO (COM.IT.ES) \u2013 PRESENTAZIONE LISTE<\/a><\/h5>\n                            <p class=\"card-text\">Nel 2026 avranno luogo le elezioni per il rinnovo dei Comitati degli Italiani all\u2019Estero (Com.It.Es). Ai sensi dell\u2019art. 14 del DPR 395\/2003, le liste possono essere presentate all\u2019Ufficio elettorale nelle ore d\u2019ufficio dal ventesimo al trentesimo giorno successivo all\u2019indizione. La raccolta delle firme, la sottoscrizione delle liste e le relative autentiche possono avvenire sin da [&hellip;]<\/p>\n                                <a title=\"ELEZIONI PER IL RINNOVO DEI COMITATI DEGLI ITALIANI ALL\u2019ESTERO (COM.IT.ES) \u2013 PRESENTAZIONE LISTE\" class=\"read-more\" href=\"https:\/\/conscaracas.esteri.it\/it\/news\/dal_consolato\/2026\/09\/elezioni-per-il-rinnovo-dei-comitati-degli-italiani-allestero-com-it-es-presentazione-liste\/\">\n                                    <span class=\"text\">Leggi di pi\u00f9<\/span>\n                                    <svg class=\"icon\">\n                                    <use xlink:href=\"https:\/\/conscaracas.esteri.it\/wp-content\/themes\/sedi-tema\/assets\/svg\/sprites.svg#it-arrow-right\"><\/use>\n                                    <\/svg>\n                                <\/a>\n                                                    <\/div>\n                    <\/div>\n                <\/div>\n                <!--end card-->\n                <\/div><!-- col-12 .mt-3-->\n                            <div class=\"col-12 mt-3\">\n                <!--start card-->\n                <div class=\"card-wrapper card-space\">\n                    <div class=\"card card-bg card-big border-bottom-card\">\n                        <div class=\"card-body \">\n                                                        <div class=\"category-top\">\n                                                                                                            <span class=\"\">\n                                        <svg class=\"icon icon-secondary\">\n                                            <use xlink:href=\"https:\/\/conscaracas.esteri.it\/wp-content\/themes\/sedi-tema\/assets\/svg\/sprites.svg#it-calendar\"><\/use>\n                                        <\/svg> 19 Agosto 2026                                    <\/span>\n                                                                    <\/div>\n                            <h5 class=\"card-title big-heading text-uppercase\"><a class=\"text-body text-decoration-none\" href=\"https:\/\/conscaracas.esteri.it\/it\/news\/dal_consolato\/2026\/08\/informazioni-sulle-elezioni-dei-comites-2026\/\" title=\"Informazioni sulle elezioni dei Comites 2026\">Informazioni sulle elezioni dei Comites 2026<\/a><\/h5>\n                            <p class=\"card-text\">Nella seguente sezione risultano pubblicate tutte le informazioni sulle elezioni dei Comites 2026 Campagna informativa Modalit\u00e0 di espressione del voto (come si vota) Presentazione e sottoscrizione delle liste Indizione delle elezioni &nbsp;<\/p>\n                                <a title=\"Informazioni sulle elezioni dei Comites 2026\" class=\"read-more\" href=\"https:\/\/conscaracas.esteri.it\/it\/news\/dal_consolato\/2026\/08\/informazioni-sulle-elezioni-dei-comites-2026\/\">\n                                    <span class=\"text\">Leggi di pi\u00f9<\/span>\n                                    <svg class=\"icon\">\n                                    <use xlink:href=\"https:\/\/conscaracas.esteri.it\/wp-content\/themes\/sedi-tema\/assets\/svg\/sprites.svg#it-arrow-right\"><\/use>\n                                    <\/svg>\n                                <\/a>\n                                                    <\/div>\n                    <\/div>\n                <\/div>\n                <!--end card-->\n                <\/div><!-- col-12 .mt-3-->\n                            <div class=\"col-12 mt-3\">\n                <!--start card-->\n                <div class=\"card-wrapper card-space\">\n                    <div class=\"card card-bg card-big border-bottom-card\">\n                        <div class=\"card-body \">\n                                                        <div class=\"category-top\">\n                                                                                                            <span class=\"\">\n                                        <svg class=\"icon icon-secondary\">\n                                            <use xlink:href=\"https:\/\/conscaracas.esteri.it\/wp-content\/themes\/sedi-tema\/assets\/svg\/sprites.svg#it-calendar\"><\/use>\n                                        <\/svg> 19 Agosto 2026                                    <\/span>\n                                                                    <\/div>\n                            <h5 class=\"card-title big-heading text-uppercase\"><a class=\"text-body text-decoration-none\" href=\"https:\/\/conscaracas.esteri.it\/it\/news\/dal_consolato\/2026\/08\/elezioni-com-it-es-come-partecipare-e-modalita-di-espressione-del-voto\/\" title=\"ELEZIONI COM.IT.ES \u2013 COME PARTECIPARE E MODALITA\u2019 DI ESPRESSIONE DEL VOTO\">ELEZIONI COM.IT.ES \u2013 COME PARTECIPARE E MODALITA\u2019 DI ESPRESSIONE DEL VOTO<\/a><\/h5>\n                            <p class=\"card-text\">Le elezioni per il rinnovo e l\u2019istituzione dei COMITES si terranno\u00a0entro la fine del 2026. I Comitati degli italiani all\u2019estero sono organi di rappresentanza della collettivit\u00e0 italiana nei rapporti con le rappresentanze diplomatico-consolari e operano per l\u2019integrazione della comunit\u00e0 italiana residente nel Paese straniero in cui si trovano. A questo importante appuntamento elettorale potranno partecipare [&hellip;]<\/p>\n                                <a title=\"ELEZIONI COM.IT.ES \u2013 COME PARTECIPARE E MODALITA\u2019 DI ESPRESSIONE DEL VOTO\" class=\"read-more\" href=\"https:\/\/conscaracas.esteri.it\/it\/news\/dal_consolato\/2026\/08\/elezioni-com-it-es-come-partecipare-e-modalita-di-espressione-del-voto\/\">\n                                    <span class=\"text\">Leggi di pi\u00f9<\/span>\n                                    <svg class=\"icon\">\n                                    <use xlink:href=\"https:\/\/conscaracas.esteri.it\/wp-content\/themes\/sedi-tema\/assets\/svg\/sprites.svg#it-arrow-right\"><\/use>\n                                    <\/svg>\n                                <\/a>\n                                                    <\/div>\n                    <\/div>\n                <\/div>\n                <!--end card-->\n                <\/div><!-- col-12 .mt-3-->\n                            <div class=\"col-12 mt-3\">\n                <!--start card-->\n                <div class=\"card-wrapper card-space\">\n                    <div class=\"card card-bg card-big border-bottom-card\">\n                        <div class=\"card-body \">\n                                                        <div class=\"category-top\">\n                                                                                                            <span class=\"\">\n                                        <svg class=\"icon icon-secondary\">\n                                            <use xlink:href=\"https:\/\/conscaracas.esteri.it\/wp-content\/themes\/sedi-tema\/assets\/svg\/sprites.svg#it-calendar\"><\/use>\n                                        <\/svg> 7 Agosto 2026                                    <\/span>\n                                                                    <\/div>\n                            <h5 class=\"card-title big-heading text-uppercase\"><a class=\"text-body text-decoration-none\" href=\"https:\/\/conscaracas.esteri.it\/it\/news\/dal_consolato\/2026\/08\/giornata-nazionale-del-sacrificio-del-lavoro-italiano-nel-mondo-8-agosto\/\" title=\"Giornata nazionale del sacrificio del lavoro italiano nel mondo (8 agosto)\">Giornata nazionale del sacrificio del lavoro italiano nel mondo (8 agosto)<\/a><\/h5>\n                            <p class=\"card-text\">In occasione dell\u20198 agosto si celebra la\u00a0\u201cGiornata nazionale del sacrificio del lavoro italiano nel mondo\u201d\u00a0che coincide con la commemorazione dell\u2019incidente minerario di Marcinelle, in Belgio, ove nel 1956 persero la vita nella miniera di Bois du Cazier 262 minatori, tra cui 136 italiani. In tale occasione il Vice Presidente del Consiglio e Ministro degli Affari [&hellip;]<\/p>\n                                <a title=\"Giornata nazionale del sacrificio del lavoro italiano nel mondo (8 agosto)\" class=\"read-more\" href=\"https:\/\/conscaracas.esteri.it\/it\/news\/dal_consolato\/2026\/08\/giornata-nazionale-del-sacrificio-del-lavoro-italiano-nel-mondo-8-agosto\/\">\n                                    <span class=\"text\">Leggi di pi\u00f9<\/span>\n                                    <svg class=\"icon\">\n                                    <use xlink:href=\"https:\/\/conscaracas.esteri.it\/wp-content\/themes\/sedi-tema\/assets\/svg\/sprites.svg#it-arrow-right\"><\/use>\n                                    <\/svg>\n                                <\/a>\n                                                    <\/div>\n                    <\/div>\n                <\/div>\n                <!--end card-->\n                <\/div><!-- col-12 .mt-3-->\n                            <div class=\"col-12 mt-3\">\n                <!--start card-->\n                <div class=\"card-wrapper card-space\">\n                    <div class=\"card card-bg card-big border-bottom-card\">\n                        <div class=\"card-body \">\n                                                        <div class=\"category-top\">\n                                                                                                            <span class=\"\">\n                                        <svg class=\"icon icon-secondary\">\n                                            <use xlink:href=\"https:\/\/conscaracas.esteri.it\/wp-content\/themes\/sedi-tema\/assets\/svg\/sprites.svg#it-calendar\"><\/use>\n                                        <\/svg> 7 Agosto 2026                                    <\/span>\n                                                                    <\/div>\n                            <h5 class=\"card-title big-heading text-uppercase\"><a class=\"text-body text-decoration-none\" href=\"https:\/\/conscaracas.esteri.it\/it\/news\/dal_consolato\/2026\/08\/carta-didentita-elettronica-validita-illimitata-delle-cie-emesse-in-favore-di-cittadini-ultrasettantenni\/\" title=\"CARTA D\u2019IDENTITA\u2019 ELETTRONICA. VALIDIT\u00c0 ILLIMITATA DELLE CIE EMESSE IN FAVORE DI CITTADINI ULTRASETTANTENNI\">CARTA D\u2019IDENTITA\u2019 ELETTRONICA. VALIDIT\u00c0 ILLIMITATA DELLE CIE EMESSE IN FAVORE DI CITTADINI ULTRASETTANTENNI<\/a><\/h5>\n                            <p class=\"card-text\">A partire dal 3 agosto 2026 la versione cartacea della carta di identit\u00e0 cesser\u00e0 di essere valida per l\u2019espatrio, indipendentemente dalla data di scadenza riportata sul retro. Da quel momento, infatti, l\u2019unica versione valida per l\u2019espatrio sar\u00e0 la Carta d\u2019Identit\u00e0 Elettronica (CIE). Contatta il Consolato pi\u00f9 vicino a te per conoscere le modalit\u00e0 di rilascio [&hellip;]<\/p>\n                                <a title=\"CARTA D\u2019IDENTITA\u2019 ELETTRONICA. VALIDIT\u00c0 ILLIMITATA DELLE CIE EMESSE IN FAVORE DI CITTADINI ULTRASETTANTENNI\" class=\"read-more\" href=\"https:\/\/conscaracas.esteri.it\/it\/news\/dal_consolato\/2026\/08\/carta-didentita-elettronica-validita-illimitata-delle-cie-emesse-in-favore-di-cittadini-ultrasettantenni\/\">\n                                    <span class=\"text\">Leggi di pi\u00f9<\/span>\n                                    <svg class=\"icon\">\n                                    <use xlink:href=\"https:\/\/conscaracas.esteri.it\/wp-content\/themes\/sedi-tema\/assets\/svg\/sprites.svg#it-arrow-right\"><\/use>\n                                    <\/svg>\n                                <\/a>\n                                                    <\/div>\n                    <\/div>\n                <\/div>\n                <!--end card-->\n                <\/div><!-- col-12 .mt-3-->\n                            <div class=\"col-12 mt-3\">\n                <!--start card-->\n                <div class=\"card-wrapper card-space\">\n                    <div class=\"card card-bg card-big border-bottom-card\">\n                        <div class=\"card-body \">\n                                                        <div class=\"category-top\">\n                                                                                                            <span class=\"\">\n                                        <svg class=\"icon icon-secondary\">\n                                            <use xlink:href=\"https:\/\/conscaracas.esteri.it\/wp-content\/themes\/sedi-tema\/assets\/svg\/sprites.svg#it-calendar\"><\/use>\n                                        <\/svg> 31 Luglio 2026                                    <\/span>\n                                                                    <\/div>\n                            <h5 class=\"card-title big-heading text-uppercase\"><a class=\"text-body text-decoration-none\" href=\"https:\/\/conscaracas.esteri.it\/it\/news\/dal_consolato\/2026\/07\/elezioni-dei-comites-2026\/\" title=\"Elezioni dei COMITES 2026\">Elezioni dei COMITES 2026<\/a><\/h5>\n                            <p class=\"card-text\">Nel 2026 avranno luogo le elezioni per il rinnovo dei Comitati degli Italiani all\u2019Estero (Com.It.Es). \u00a0I Com.It.Es. sono organismi che rappresentano i connazionali all\u2019estero nei rapporti con Ambasciate e Consolati e ne favoriscono l\u2019integrazione. Hanno inoltre il compito di preservare la memoria storica dell\u2019emigrazione italiana e valorizzare il contributo italiano nelle societ\u00e0 in cui operano. [&hellip;]<\/p>\n                                <a title=\"Elezioni dei COMITES 2026\" class=\"read-more\" href=\"https:\/\/conscaracas.esteri.it\/it\/news\/dal_consolato\/2026\/07\/elezioni-dei-comites-2026\/\">\n                                    <span class=\"text\">Leggi di pi\u00f9<\/span>\n                                    <svg class=\"icon\">\n                                    <use xlink:href=\"https:\/\/conscaracas.esteri.it\/wp-content\/themes\/sedi-tema\/assets\/svg\/sprites.svg#it-arrow-right\"><\/use>\n                                    <\/svg>\n                                <\/a>\n                                                    <\/div>\n                    <\/div>\n                <\/div>\n                <!--end card-->\n                <\/div><!-- col-12 .mt-3-->\n                            <div class=\"col-12 mt-3\">\n                <!--start card-->\n                <div class=\"card-wrapper card-space\">\n                    <div class=\"card card-bg card-big border-bottom-card\">\n                        <div class=\"card-body \">\n                                                        <div class=\"category-top\">\n                                                                                                            <span class=\"\">\n                                        <svg class=\"icon icon-secondary\">\n                                            <use xlink:href=\"https:\/\/conscaracas.esteri.it\/wp-content\/themes\/sedi-tema\/assets\/svg\/sprites.svg#it-calendar\"><\/use>\n                                        <\/svg> 2 Luglio 2026                                    <\/span>\n                                                                    <\/div>\n                            <h5 class=\"card-title big-heading text-uppercase\"><a class=\"text-body text-decoration-none\" href=\"https:\/\/conscaracas.esteri.it\/it\/news\/dal_consolato\/2026\/07\/governo-della-repubblica-bolivariana-del-venezuela-ha-conferito-la-medaglia-heroes-de-venezuela-alla-squadra-italiana-di-soccorso\/\" title=\"Governo della Repubblica Bolivariana del Venezuela ha conferito la medaglia \u201cH\u00e9roes de Venezuela\u201d alla squadra italiana di soccorso\">Governo della Repubblica Bolivariana del Venezuela ha conferito la medaglia \u201cH\u00e9roes de Venezuela\u201d alla squadra italiana di soccorso<\/a><\/h5>\n                            <p class=\"card-text\">L\u2019Ambasciatore d\u2019Italia Giovanni Umberto De Vito ha partecipato alla cerimonia durante la quale il Governo della Repubblica Bolivariana del Venezuela ha conferito la medaglia \u201cH\u00e9roes de Venezuela\u201d alla squadra italiana di soccorso, in riconoscimento della professionalit\u00e0 e della solidariet\u00e0 dimostrati nelle operazioni successive ai terremoti del 24 giugno. A rappresentare la missione italiana erano presenti, [&hellip;]<\/p>\n                                <a title=\"Governo della Repubblica Bolivariana del Venezuela ha conferito la medaglia \u201cH\u00e9roes de Venezuela\u201d alla squadra italiana di soccorso\" class=\"read-more\" href=\"https:\/\/conscaracas.esteri.it\/it\/news\/dal_consolato\/2026\/07\/governo-della-repubblica-bolivariana-del-venezuela-ha-conferito-la-medaglia-heroes-de-venezuela-alla-squadra-italiana-di-soccorso\/\">\n                                    <span class=\"text\">Leggi di pi\u00f9<\/span>\n                                    <svg class=\"icon\">\n                                    <use xlink:href=\"https:\/\/conscaracas.esteri.it\/wp-content\/themes\/sedi-tema\/assets\/svg\/sprites.svg#it-arrow-right\"><\/use>\n                                    <\/svg>\n                                <\/a>\n                                                    <\/div>\n                    <\/div>\n                <\/div>\n                <!--end card-->\n                <\/div><!-- col-12 .mt-3-->\n                            <div class=\"col-12 mt-3\">\n                <!--start card-->\n                <div class=\"card-wrapper card-space\">\n                    <div class=\"card card-bg card-big border-bottom-card\">\n                        <div class=\"card-body \">\n                                                        <div class=\"category-top\">\n                                                                                                            <span class=\"\">\n                                        <svg class=\"icon icon-secondary\">\n                                            <use xlink:href=\"https:\/\/conscaracas.esteri.it\/wp-content\/themes\/sedi-tema\/assets\/svg\/sprites.svg#it-calendar\"><\/use>\n                                        <\/svg> 29 Giugno 2026                                    <\/span>\n                                                                    <\/div>\n                            <h5 class=\"card-title big-heading text-uppercase\"><a class=\"text-body text-decoration-none\" href=\"https:\/\/conscaracas.esteri.it\/it\/news\/dal_consolato\/2026\/06\/emergenza-terremoto-venezuela\/\" title=\"EMERGENZA TERREMOTO VENEZUELA\">EMERGENZA TERREMOTO VENEZUELA<\/a><\/h5>\n                            <p class=\"card-text\">A seguito dei terremoti che hanno colpito il Venezuela lo scorso 24 giugno l\u2019Ambasciata d\u2019Italia esprime vicinanza e solidariet\u00e0 al popolo venezuelano e partecipa agli sforzi di soccorso e assistenza offerti dall\u2019Italia: \u25cb Tre team per oltre un centinaio di esperti coordinati dalla Protezione Civile con la partecipazione di Unit\u00e0 di Crisi MAECI, Vigili del [&hellip;]<\/p>\n                                <a title=\"EMERGENZA TERREMOTO VENEZUELA\" class=\"read-more\" href=\"https:\/\/conscaracas.esteri.it\/it\/news\/dal_consolato\/2026\/06\/emergenza-terremoto-venezuela\/\">\n                                    <span class=\"text\">Leggi di pi\u00f9<\/span>\n                                    <svg class=\"icon\">\n                                    <use xlink:href=\"https:\/\/conscaracas.esteri.it\/wp-content\/themes\/sedi-tema\/assets\/svg\/sprites.svg#it-arrow-right\"><\/use>\n                                    <\/svg>\n                                <\/a>\n                                                    <\/div>\n                    <\/div>\n                <\/div>\n                <!--end card-->\n                <\/div><!-- col-12 .mt-3-->\n                            <div class=\"col-12 mt-3\">\n                <!--start card-->\n                <div class=\"card-wrapper card-space\">\n                    <div class=\"card card-bg card-big border-bottom-card\">\n                        <div class=\"card-body \">\n                                                        <div class=\"category-top\">\n                                                                                                            <span class=\"\">\n                                        <svg class=\"icon icon-secondary\">\n                                            <use xlink:href=\"https:\/\/conscaracas.esteri.it\/wp-content\/themes\/sedi-tema\/assets\/svg\/sprites.svg#it-calendar\"><\/use>\n                                        <\/svg> 22 Maggio 2026                                    <\/span>\n                                                                    <\/div>\n                            <h5 class=\"card-title big-heading text-uppercase\"><a class=\"text-body text-decoration-none\" href=\"https:\/\/conscaracas.esteri.it\/it\/news\/dal_consolato\/2026\/05\/graduatoria-idonei-avviso-del-23-12-2025\/\" title=\"Graduatoria idonei &#8211; avviso del 23\/12\/2025\">Graduatoria idonei &#8211; avviso del 23\/12\/2025<\/a><\/h5>\n                            <p class=\"card-text\">Si pubblica la graduatoria relativa al bando del 23\/12\/2025, relativo all&#8217;assunzione di un impiegato a contratto presso il Consolato generale. Graduatoria idonei<\/p>\n                                <a title=\"Graduatoria idonei &#8211; avviso del 23\/12\/2025\" class=\"read-more\" href=\"https:\/\/conscaracas.esteri.it\/it\/news\/dal_consolato\/2026\/05\/graduatoria-idonei-avviso-del-23-12-2025\/\">\n                                    <span class=\"text\">Leggi di pi\u00f9<\/span>\n                                    <svg class=\"icon\">\n                                    <use xlink:href=\"https:\/\/conscaracas.esteri.it\/wp-content\/themes\/sedi-tema\/assets\/svg\/sprites.svg#it-arrow-right\"><\/use>\n                                    <\/svg>\n                                <\/a>\n                                                    <\/div>\n                    <\/div>\n                <\/div>\n                <!--end card-->\n                <\/div><!-- col-12 .mt-3-->\n            \n            <div class=\"col-md-12 mt-4 pb-4\">\n                <nav class=\"navigation col-md-12\" aria-label=\"Navigation\">\n                    <h2 class=\"screen-reader-text visually-hidden\">Paginazione<\/h2>\n                    <div class=\"nav-links\">\n                    <span aria-current=\"page\" class=\"page-numbers current\">1<\/span>\n<a class=\"page-numbers\" href=\"https:\/\/conscaracas.esteri.it\/it\/wp-json\/wp\/v2\/pages\/55\/?pag=2\">2<\/a>\n<a class=\"page-numbers\" href=\"https:\/\/conscaracas.esteri.it\/it\/wp-json\/wp\/v2\/pages\/55\/?pag=3\">3<\/a>\n<span class=\"page-numbers dots\">&hellip;<\/span>\n<a class=\"page-numbers\" href=\"https:\/\/conscaracas.esteri.it\/it\/wp-json\/wp\/v2\/pages\/55\/?pag=22\">22<\/a>\n<a class=\"next page-numbers\" href=\"https:\/\/conscaracas.esteri.it\/it\/wp-json\/wp\/v2\/pages\/55\/?pag=2\"><svg class=\"icon icon-primary\"><use xlink:href=\"https:\/\/conscaracas.esteri.it\/wp-content\/themes\/sedi-tema\/assets\/svg\/sprites.svg#it-chevron-right\"><\/use><\/svg>\n                                    <span class=\"visually-hidden\">Pagina successiva<\/span><\/a>                    <\/div>\n                <\/nav>\n            <\/div>   <!--.col-md-12 -->\n              <\/div><!--.row -->\n              \n","protected":false},"excerpt":{"rendered":"","protected":false},"author":1,"featured_media":0,"parent":21,"menu_order":0,"comment_status":"closed","ping_status":"closed","template":"","meta":{"footnotes":""},"class_list":["post-55","page","type-page","status-publish","hentry"],"_links":{"self":[{"href":"https:\/\/conscaracas.esteri.it\/it\/wp-json\/wp\/v2\/pages\/55","targetHints":{"allow":["GET"]}}],"collection":[{"href":"https:\/\/conscaracas.esteri.it\/it\/wp-json\/wp\/v2\/pages"}],"about":[{"href":"https:\/\/conscaracas.esteri.it\/it\/wp-json\/wp\/v2\/types\/page"}],"author":[{"embeddable":true,"href":"https:\/\/conscaracas.esteri.it\/it\/wp-json\/wp\/v2\/users\/1"}],"replies":[{"embeddable":true,"href":"https:\/\/conscaracas.esteri.it\/it\/wp-json\/wp\/v2\/comments?post=55"}],"version-history":[{"count":0,"href":"https:\/\/conscaracas.esteri.it\/it\/wp-json\/wp\/v2\/pages\/55\/revisions"}],"up":[{"embeddable":true,"href":"https:\/\/conscaracas.esteri.it\/it\/wp-json\/wp\/v2\/pages\/21"}],"wp:attachment":[{"href":"https:\/\/conscaracas.esteri.it\/it\/wp-json\/wp\/v2\/media?parent=55"}],"curies":[{"name":"wp","href":"https:\/\/api.w.org\/{rel}","templated":true}]}}