{"id":2989,"date":"2025-01-06T11:48:33","date_gmt":"2025-01-06T15:48:33","guid":{"rendered":"https:\/\/conscaracas.esteri.it\/?page_id=2989"},"modified":"2026-01-27T15:12:22","modified_gmt":"2026-01-27T19:12:22","slug":"orario-di-apertura-al-pubblico-e-festivita","status":"publish","type":"page","link":"https:\/\/conscaracas.esteri.it\/it\/chi-siamo\/la-sede\/orario-di-apertura-al-pubblico-e-festivita\/","title":{"rendered":"Orario di apertura al pubblico e festivit\u00e0"},"content":{"rendered":"<p><strong>ORARIO DI APERTURA AL PUBBLICO<\/strong><\/p>\n<p>Il Consolato Generale d\u2019Italia a Caracas \u00e8 aperto al pubblico:<\/p>\n<ul>\n<li>luned\u00ec, marted\u00ec,\u00a0gioved\u00ec e venerd\u00ec: dalle\u00a08 a.m. fino alle 12 a.m.<\/li>\n<li>il <strong>MERCOLEDI<\/strong> non \u00e9 previsto il servizio di attenzione al pubblico.<\/li>\n<\/ul>\n<p>In Venezuela il fuso orario \u00e8 di 5 ore indietro rispetto all\u2019Italia, ovvero 6 ore durante la vigenza dell\u2019ora legale in Italia.<\/p>\n<p>&nbsp;<\/p>\n<table width=\"680\">\n<tbody>\n<tr>\n<td style=\"text-align: center;\" colspan=\"3\" width=\"680\"><strong>Festivit\u00e0 2026<\/strong><\/td>\n<\/tr>\n<tr>\n<td width=\"458\">Capodanno<\/td>\n<td width=\"112\">\u00a01\u00b0 Gennaio<\/td>\n<td width=\"110\">Gioved\u00ec<\/td>\n<\/tr>\n<tr>\n<td width=\"458\">Giorno dell\u2019Indipendenza del Venezuela<\/td>\n<td width=\"112\">19 Aprile<\/td>\n<td width=\"110\">Domenica<\/td>\n<\/tr>\n<tr>\n<td width=\"458\">Lunedi dell&#8217;Angelo<\/td>\n<td width=\"112\">06 Aprile<\/td>\n<td width=\"110\">Luned\u00ec<\/td>\n<\/tr>\n<tr>\n<td width=\"458\">\u00a0Anniversario della Liberazione d\u2019Italia<\/td>\n<td width=\"112\">\u00a025 Aprile<\/td>\n<td width=\"110\">Sabato<\/td>\n<\/tr>\n<tr>\n<td width=\"458\">Festa del Lavoro<\/td>\n<td width=\"112\">\u00a01\u00b0 Maggio<\/td>\n<td width=\"110\">Venerd\u00ec<\/td>\n<\/tr>\n<tr>\n<td width=\"458\">Festa Nazionale della Repubblica Italiana<\/td>\n<td width=\"112\">\u00a02 Giugno<\/td>\n<td width=\"110\">Marted\u00ec<\/td>\n<\/tr>\n<tr>\n<td width=\"458\">Festa Nazionale della Repubblica Bolivariana del Venezuela<\/td>\n<td width=\"112\">5 Luglio<\/td>\n<td width=\"110\">Domenica<\/td>\n<\/tr>\n<tr>\n<td width=\"458\">Ferragosto<\/td>\n<td width=\"112\">15 Agosto<\/td>\n<td width=\"110\">Sabato<\/td>\n<\/tr>\n<tr>\n<td width=\"458\">Ognissanti<\/td>\n<td width=\"112\">\u00a01\u00b0 Novembre<\/td>\n<td width=\"110\">Domenica<\/td>\n<\/tr>\n<tr>\n<td width=\"458\">Natale<\/td>\n<td width=\"112\">\u00a025 Dicembre<\/td>\n<td width=\"110\">Venerd\u00ec<\/td>\n<\/tr>\n<tr>\n<td width=\"458\">Santo Stefano<\/td>\n<td width=\"112\">26 Dicembre<\/td>\n<td width=\"110\">Sabato<\/td>\n<\/tr>\n<\/tbody>\n<\/table>\n","protected":false},"excerpt":{"rendered":"ORARIO DI APERTURA AL PUBBLICO Il Consolato Generale d\u2019Italia a Caracas \u00e8 aperto al pubblico: luned\u00ec, marted\u00ec,\u00a0gioved\u00ec e venerd\u00ec: dalle\u00a08 a.m. fino alle 12 a.m. il MERCOLEDI non \u00e9 previsto il servizio di attenzione al pubblico. In Venezuela il fuso orario \u00e8 di 5 ore indietro rispetto all\u2019Italia, ovvero 6 ore durante la vigenza dell\u2019ora [&hellip;]","protected":false},"author":3,"featured_media":0,"parent":35,"menu_order":0,"comment_status":"closed","ping_status":"closed","template":"","meta":{"footnotes":""},"class_list":["post-2989","page","type-page","status-publish","hentry"],"_links":{"self":[{"href":"https:\/\/conscaracas.esteri.it\/it\/wp-json\/wp\/v2\/pages\/2989","targetHints":{"allow":["GET"]}}],"collection":[{"href":"https:\/\/conscaracas.esteri.it\/it\/wp-json\/wp\/v2\/pages"}],"about":[{"href":"https:\/\/conscaracas.esteri.it\/it\/wp-json\/wp\/v2\/types\/page"}],"author":[{"embeddable":true,"href":"https:\/\/conscaracas.esteri.it\/it\/wp-json\/wp\/v2\/users\/3"}],"replies":[{"embeddable":true,"href":"https:\/\/conscaracas.esteri.it\/it\/wp-json\/wp\/v2\/comments?post=2989"}],"version-history":[{"count":3,"href":"https:\/\/conscaracas.esteri.it\/it\/wp-json\/wp\/v2\/pages\/2989\/revisions"}],"predecessor-version":[{"id":4744,"href":"https:\/\/conscaracas.esteri.it\/it\/wp-json\/wp\/v2\/pages\/2989\/revisions\/4744"}],"up":[{"embeddable":true,"href":"https:\/\/conscaracas.esteri.it\/it\/wp-json\/wp\/v2\/pages\/35"}],"wp:attachment":[{"href":"https:\/\/conscaracas.esteri.it\/it\/wp-json\/wp\/v2\/media?parent=2989"}],"curies":[{"name":"wp","href":"https:\/\/api.w.org\/{rel}","templated":true}]}}