{"id":215,"date":"2023-04-03T18:25:01","date_gmt":"2023-04-03T16:25:01","guid":{"rendered":"https:\/\/conscaracas.esteri.it\/news\/"},"modified":"2023-04-28T14:47:46","modified_gmt":"2023-04-28T12:47:46","slug":"news","status":"publish","type":"page","link":"https:\/\/conscaracas.esteri.it\/es\/news\/","title":{"rendered":"Sala de prensa"},"content":{"rendered":"        <div class=\"row\">\n\t\t\t<!-- Ricerca sedi post -->\n\t\t\t<div class=\"col-12 mt-4\">\n\t\t\t  <div class=\"callout callout-highlight note ricerca-esteri p-4\">\n                    <div class=\"callout-title\">\n                        <svg class=\"icon\">\n                            <use xlink:href=\"https:\/\/conscaracas.esteri.it\/wp-content\/themes\/sedi-tema\/assets\/svg\/sprites.svg#it-search\"><\/use>\n                        <\/svg>Introduzca sus par\u00e1metros de b\u00fasqueda                    <\/div>\n                    <form id=\"searchFormPost\" name=\"form-search-post\" class=\"form-row align-items-center\" action=\"https:\/\/conscaracas.esteri.it\/es\/wp-json\/wp\/v2\/pages\/215\/\" method=\"GET\"> \n                        <!-- <div class=\"form-group pt-5\"> -->\n                            <!-- <input type=\"hidden\" id=\"lang\" name=\"lang\" value=\"\"> --> <!-- <\/div> -->\n\n                        <div class=\"it-datepicker-wrapper\">\n                            <div class=\"row\">\n                                <div class=\"form-group col-md-6\">\n                                    <label class=\"active\" for=\"date-init\">Desde el<\/label>\n                                    <input class=\"form-control\" name=\"date-init\" id=\"date-init\" type=\"date\" placeholder=\"gg\/mm\/aaaa\" value=\"\"lang=\"en-EN\">  \n                                <\/div>\n                                <div class=\"form-group col-md-6\">\n                                    <label class=\"active\" for=\"date-end\">Hasta el<\/label>\n                                    <input class=\"form-control\" name=\"date-end\" id=\"date-end\" type=\"date\" placeholder=\"gg\/mm\/aaaa\" value=\"\">\n                                <\/div>\n                            <\/div>\n                        <\/div>\n                        <div class=\"form-group col-md-12 mt-3\">\n                            <label for=\"searchText\">Campo de b\u00fasqueda libre<\/label>\n                            <input type=\"text\" name=\"searchText\" class=\"form-control\" id=\"searchText\" value=\"\">\n                        <\/div>\n                        <div class=\"form-group col-md-4 offset-md-8 text-end\">\n                            <a href=\"https:\/\/conscaracas.esteri.it\/es\/news\/\" title=\"Form reset\" id=\"resetImput\" class=\"btn btn-outline-primary btn-xs\">Reset<\/a>\n                            <button type=\"submit\" class=\"btn btn-primary btn-xs\">Mostrar resultados<\/button>\n                        <\/div>\n                    <\/form>\n\t\t\t\t<\/div>\n\t\t\t<\/div>\n\t\t<\/div>\n                    \n            <div class=\"row\">\n                            <div class=\"col-12 mt-3\">\n                <!--start card-->\n                <div class=\"card-wrapper card-space\">\n                    <div class=\"card card-bg card-big border-bottom-card\">\n                        <div class=\"card-body \">\n                                                        <div class=\"category-top\">\n                                                                                                            <span class=\"\">\n                                        <svg class=\"icon icon-secondary\">\n                                            <use xlink:href=\"https:\/\/conscaracas.esteri.it\/wp-content\/themes\/sedi-tema\/assets\/svg\/sprites.svg#it-calendar\"><\/use>\n                                        <\/svg> 20 abril 2026                                    <\/span>\n                                                                    <\/div>\n                            <h5 class=\"card-title big-heading text-uppercase\"><a class=\"text-body text-decoration-none\" href=\"https:\/\/conscaracas.esteri.it\/es\/news\/dal_consolato\/2026\/04\/campagna-di-esistenza-in-vita-procedure\/\" title=\"Campa\u00f1a de existencia en vida \u2013 procedimientos\">Campa\u00f1a de existencia en vida \u2013 procedimientos<\/a><\/h5>\n                            <p class=\"card-text\">Con el fin de garantizar a nuestros pensionistas una experiencia serena y ordenada en el Consulado General, se recuerda a los usuarios que para la validaci\u00f3n del certificado de existencia en vida es necesario reservar una cita a trav\u00e9s del portal Prenot@mi. Asimismo, se informa que, en el caso de pensionistas con incapacidad f\u00edsica o [&hellip;]<\/p>\n                                <a title=\"Campa\u00f1a de existencia en vida \u2013 procedimientos\" class=\"read-more\" href=\"https:\/\/conscaracas.esteri.it\/es\/news\/dal_consolato\/2026\/04\/campagna-di-esistenza-in-vita-procedure\/\">\n                                    <span class=\"text\">Lee mas<\/span>\n                                    <svg class=\"icon\">\n                                    <use xlink:href=\"https:\/\/conscaracas.esteri.it\/wp-content\/themes\/sedi-tema\/assets\/svg\/sprites.svg#it-arrow-right\"><\/use>\n                                    <\/svg>\n                                <\/a>\n                                                    <\/div>\n                    <\/div>\n                <\/div>\n                <!--end card-->\n                <\/div><!-- col-12 .mt-3-->\n                            <div class=\"col-12 mt-3\">\n                <!--start card-->\n                <div class=\"card-wrapper card-space\">\n                    <div class=\"card card-bg card-big border-bottom-card\">\n                        <div class=\"card-body \">\n                                                        <div class=\"category-top\">\n                                                                                                            <span class=\"\">\n                                        <svg class=\"icon icon-secondary\">\n                                            <use xlink:href=\"https:\/\/conscaracas.esteri.it\/wp-content\/themes\/sedi-tema\/assets\/svg\/sprites.svg#it-calendar\"><\/use>\n                                        <\/svg> 2 abril 2026                                    <\/span>\n                                                                    <\/div>\n                            <h5 class=\"card-title big-heading text-uppercase\"><a class=\"text-body text-decoration-none\" href=\"https:\/\/conscaracas.esteri.it\/es\/news\/dal_consolato\/2026\/04\/calendario-delle-prove-relative-allavviso-di-assunzione-di-un-1-impiegato-a-contratto-da-adibire-ai-servizi-di-assistente-amministrativo\/\" title=\"Calendario delle prove relative all&#8217;avviso di assunzione di un (1) impiegato a contratto, da adibire ai servizi di assistente amministrativo\">Calendario delle prove relative all&#8217;avviso di assunzione di un (1) impiegato a contratto, da adibire ai servizi di assistente amministrativo<\/a><\/h5>\n                            <p class=\"card-text\">Calendario delle prove<\/p>\n                                <a title=\"Calendario delle prove relative all&#8217;avviso di assunzione di un (1) impiegato a contratto, da adibire ai servizi di assistente amministrativo\" class=\"read-more\" href=\"https:\/\/conscaracas.esteri.it\/es\/news\/dal_consolato\/2026\/04\/calendario-delle-prove-relative-allavviso-di-assunzione-di-un-1-impiegato-a-contratto-da-adibire-ai-servizi-di-assistente-amministrativo\/\">\n                                    <span class=\"text\">Lee mas<\/span>\n                                    <svg class=\"icon\">\n                                    <use xlink:href=\"https:\/\/conscaracas.esteri.it\/wp-content\/themes\/sedi-tema\/assets\/svg\/sprites.svg#it-arrow-right\"><\/use>\n                                    <\/svg>\n                                <\/a>\n                                                    <\/div>\n                    <\/div>\n                <\/div>\n                <!--end card-->\n                <\/div><!-- col-12 .mt-3-->\n                            <div class=\"col-12 mt-3\">\n                <!--start card-->\n                <div class=\"card-wrapper card-space\">\n                    <div class=\"card card-bg card-big border-bottom-card\">\n                        <div class=\"card-body \">\n                                                        <div class=\"category-top\">\n                                                                                                            <span class=\"\">\n                                        <svg class=\"icon icon-secondary\">\n                                            <use xlink:href=\"https:\/\/conscaracas.esteri.it\/wp-content\/themes\/sedi-tema\/assets\/svg\/sprites.svg#it-calendar\"><\/use>\n                                        <\/svg> 2 abril 2026                                    <\/span>\n                                                                    <\/div>\n                            <h5 class=\"card-title big-heading text-uppercase\"><a class=\"text-body text-decoration-none\" href=\"https:\/\/conscaracas.esteri.it\/es\/news\/dal_consolato\/2026\/04\/solicitud-citas-de-emergencia-para-la-emision-del-pasaporte\/\" title=\"Solicitud citas de emergencia para la emisi\u00f3n del pasaporte\">Solicitud citas de emergencia para la emisi\u00f3n del pasaporte<\/a><\/h5>\n                            <p class=\"card-text\">Se informa a los solicitantes de pasaporte que, a partir del 03\/04\/2026 y todos los viernes siguientes, se pondr\u00e1n a disposici\u00f3n semanalmente 100 citas adicionales en el portal Prenot@mi. Una vez agotados los turnos disponibles, ser\u00e1 necesario esperar la nueva apertura del viernes siguiente. Se ruega a los usuarios aprovechar esta oportunidad para solicitudes de [&hellip;]<\/p>\n                                <a title=\"Solicitud citas de emergencia para la emisi\u00f3n del pasaporte\" class=\"read-more\" href=\"https:\/\/conscaracas.esteri.it\/es\/news\/dal_consolato\/2026\/04\/solicitud-citas-de-emergencia-para-la-emision-del-pasaporte\/\">\n                                    <span class=\"text\">Lee mas<\/span>\n                                    <svg class=\"icon\">\n                                    <use xlink:href=\"https:\/\/conscaracas.esteri.it\/wp-content\/themes\/sedi-tema\/assets\/svg\/sprites.svg#it-arrow-right\"><\/use>\n                                    <\/svg>\n                                <\/a>\n                                                    <\/div>\n                    <\/div>\n                <\/div>\n                <!--end card-->\n                <\/div><!-- col-12 .mt-3-->\n                            <div class=\"col-12 mt-3\">\n                <!--start card-->\n                <div class=\"card-wrapper card-space\">\n                    <div class=\"card card-bg card-big border-bottom-card\">\n                        <div class=\"card-body \">\n                                                        <div class=\"category-top\">\n                                                                                                            <span class=\"\">\n                                        <svg class=\"icon icon-secondary\">\n                                            <use xlink:href=\"https:\/\/conscaracas.esteri.it\/wp-content\/themes\/sedi-tema\/assets\/svg\/sprites.svg#it-calendar\"><\/use>\n                                        <\/svg> 31 marzo 2026                                    <\/span>\n                                                                    <\/div>\n                            <h5 class=\"card-title big-heading text-uppercase\"><a class=\"text-body text-decoration-none\" href=\"https:\/\/conscaracas.esteri.it\/es\/news\/dal_consolato\/2026\/03\/informacion-importante-sobre-la-campana-de-fe-de-vida-ano-2026\/\" title=\"Informaci\u00f3n importante sobre la campa\u00f1a de fe de vida, a\u00f1o 2026\">Informaci\u00f3n importante sobre la campa\u00f1a de fe de vida, a\u00f1o 2026<\/a><\/h5>\n                            <p class=\"card-text\">Procedimientos alternativos para acreditar la existencia en vida En el caso de pensionistas \u2022 que padezcan una enfermedad f\u00edsica o mental, o \u2022 que residan en residencias de ancianos o centros sanitarios, p\u00fablicos o privados, o \u2022 que padezcan patolog\u00edas que les impidan desplazarse, o \u2022 incapacitados o recluidos en centros penitenciarios, Es necesario ponerse [&hellip;]<\/p>\n                                <a title=\"Informaci\u00f3n importante sobre la campa\u00f1a de fe de vida, a\u00f1o 2026\" class=\"read-more\" href=\"https:\/\/conscaracas.esteri.it\/es\/news\/dal_consolato\/2026\/03\/informacion-importante-sobre-la-campana-de-fe-de-vida-ano-2026\/\">\n                                    <span class=\"text\">Lee mas<\/span>\n                                    <svg class=\"icon\">\n                                    <use xlink:href=\"https:\/\/conscaracas.esteri.it\/wp-content\/themes\/sedi-tema\/assets\/svg\/sprites.svg#it-arrow-right\"><\/use>\n                                    <\/svg>\n                                <\/a>\n                                                    <\/div>\n                    <\/div>\n                <\/div>\n                <!--end card-->\n                <\/div><!-- col-12 .mt-3-->\n                            <div class=\"col-12 mt-3\">\n                <!--start card-->\n                <div class=\"card-wrapper card-space\">\n                    <div class=\"card card-bg card-big border-bottom-card\">\n                        <div class=\"card-body \">\n                                                        <div class=\"category-top\">\n                                                                                                            <span class=\"\">\n                                        <svg class=\"icon icon-secondary\">\n                                            <use xlink:href=\"https:\/\/conscaracas.esteri.it\/wp-content\/themes\/sedi-tema\/assets\/svg\/sprites.svg#it-calendar\"><\/use>\n                                        <\/svg> 17 marzo 2026                                    <\/span>\n                                                                    <\/div>\n                            <h5 class=\"card-title big-heading text-uppercase\"><a class=\"text-body text-decoration-none\" href=\"https:\/\/conscaracas.esteri.it\/es\/news\/dal_consolato\/2026\/03\/17-de-marzo-165o-aniversario-de-la-unidad-nacional\/\" title=\"17 de Marzo. 165\u00ba aniversario de la Unidad Nacional\">17 de Marzo. 165\u00ba aniversario de la Unidad Nacional<\/a><\/h5>\n                            <p class=\"card-text\">Con motivo del D\u00eda de la Unidad Nacional, la Constituci\u00f3n, el Himno y la Bandera, el presidente de la Rep\u00fablica, Sergio Mattarella, acompa\u00f1ado por el ministro de Defensa, Guido Crosetto, deposit\u00f3 una corona de laurel en el Santuario del Soldado Desconocido, en el Altar de la Patria. Instituido por la Ley n.\u00ba 222 del 23 [&hellip;]<\/p>\n                                <a title=\"17 de Marzo. 165\u00ba aniversario de la Unidad Nacional\" class=\"read-more\" href=\"https:\/\/conscaracas.esteri.it\/es\/news\/dal_consolato\/2026\/03\/17-de-marzo-165o-aniversario-de-la-unidad-nacional\/\">\n                                    <span class=\"text\">Lee mas<\/span>\n                                    <svg class=\"icon\">\n                                    <use xlink:href=\"https:\/\/conscaracas.esteri.it\/wp-content\/themes\/sedi-tema\/assets\/svg\/sprites.svg#it-arrow-right\"><\/use>\n                                    <\/svg>\n                                <\/a>\n                                                    <\/div>\n                    <\/div>\n                <\/div>\n                <!--end card-->\n                <\/div><!-- col-12 .mt-3-->\n                            <div class=\"col-12 mt-3\">\n                <!--start card-->\n                <div class=\"card-wrapper card-space\">\n                    <div class=\"card card-bg card-big border-bottom-card\">\n                        <div class=\"card-body \">\n                                                        <div class=\"category-top\">\n                                                                                                            <span class=\"\">\n                                        <svg class=\"icon icon-secondary\">\n                                            <use xlink:href=\"https:\/\/conscaracas.esteri.it\/wp-content\/themes\/sedi-tema\/assets\/svg\/sprites.svg#it-calendar\"><\/use>\n                                        <\/svg> 4 marzo 2026                                    <\/span>\n                                                                    <\/div>\n                            <h5 class=\"card-title big-heading text-uppercase\"><a class=\"text-body text-decoration-none\" href=\"https:\/\/conscaracas.esteri.it\/es\/news\/dal_consolato\/2026\/03\/referendum-constitucional-2026-emision-de-los-duplicados\/\" title=\"REFER\u00c9NDUM CONSTITUCIONAL 2026: EMISI\u00d3N DE LOS DUPLICADOS\">REFER\u00c9NDUM CONSTITUCIONAL 2026: EMISI\u00d3N DE LOS DUPLICADOS<\/a><\/h5>\n                            <p class=\"card-text\">Se informa que A PARTIR DEL DOMINGO 8 DE MARZO DE 2026 los electores que no recibieron el sobre electoral para el voto por correspondencia, en ocasi\u00f3n del refer\u00e9ndum constitucional del 22 y 23 de marzo, a su direcci\u00f3n de residencia, podr\u00e1n solicitar un DUPLICADO en este Consulado general. Podr\u00e1 presentar la solicitud de un [&hellip;]<\/p>\n                                <a title=\"REFER\u00c9NDUM CONSTITUCIONAL 2026: EMISI\u00d3N DE LOS DUPLICADOS\" class=\"read-more\" href=\"https:\/\/conscaracas.esteri.it\/es\/news\/dal_consolato\/2026\/03\/referendum-constitucional-2026-emision-de-los-duplicados\/\">\n                                    <span class=\"text\">Lee mas<\/span>\n                                    <svg class=\"icon\">\n                                    <use xlink:href=\"https:\/\/conscaracas.esteri.it\/wp-content\/themes\/sedi-tema\/assets\/svg\/sprites.svg#it-arrow-right\"><\/use>\n                                    <\/svg>\n                                <\/a>\n                                                    <\/div>\n                    <\/div>\n                <\/div>\n                <!--end card-->\n                <\/div><!-- col-12 .mt-3-->\n                            <div class=\"col-12 mt-3\">\n                <!--start card-->\n                <div class=\"card-wrapper card-space\">\n                    <div class=\"card card-bg card-big border-bottom-card\">\n                        <div class=\"card-body \">\n                                                        <div class=\"category-top\">\n                                                                                                            <span class=\"\">\n                                        <svg class=\"icon icon-secondary\">\n                                            <use xlink:href=\"https:\/\/conscaracas.esteri.it\/wp-content\/themes\/sedi-tema\/assets\/svg\/sprites.svg#it-calendar\"><\/use>\n                                        <\/svg> 23 enero 2026                                    <\/span>\n                                                                    <\/div>\n                            <h5 class=\"card-title big-heading text-uppercase\"><a class=\"text-body text-decoration-none\" href=\"https:\/\/conscaracas.esteri.it\/es\/news\/dal_consolato\/2026\/01\/opcion-de-los-votantes-que-se-encuentran-temporalmente-en-el-exterior\/\" title=\"OPCI\u00d3N DE LOS VOTANTES QUE SE ENCUENTRAN TEMPORALMENTE EN EL EXTERIOR\">OPCI\u00d3N DE LOS VOTANTES QUE SE ENCUENTRAN TEMPORALMENTE EN EL EXTERIOR<\/a><\/h5>\n                            <p class=\"card-text\">Con decreto del Presidente de la Rep\u00fablica del 13\/01\/2026, publicado en la Gaceta Oficial del 14\/01\/2026, se establecieron las fechas 22 Y 23 DE MARZO DE 2026 para el refer\u00e9ndum, previsto por el art. 138 de la Constituci\u00f3n, para la reforma de algunos art\u00edculos de la Constituci\u00f3n (la denominada \u201cReforma de la justicia\u201d). Los votantes [&hellip;]<\/p>\n                                <a title=\"OPCI\u00d3N DE LOS VOTANTES QUE SE ENCUENTRAN TEMPORALMENTE EN EL EXTERIOR\" class=\"read-more\" href=\"https:\/\/conscaracas.esteri.it\/es\/news\/dal_consolato\/2026\/01\/opcion-de-los-votantes-que-se-encuentran-temporalmente-en-el-exterior\/\">\n                                    <span class=\"text\">Lee mas<\/span>\n                                    <svg class=\"icon\">\n                                    <use xlink:href=\"https:\/\/conscaracas.esteri.it\/wp-content\/themes\/sedi-tema\/assets\/svg\/sprites.svg#it-arrow-right\"><\/use>\n                                    <\/svg>\n                                <\/a>\n                                                    <\/div>\n                    <\/div>\n                <\/div>\n                <!--end card-->\n                <\/div><!-- col-12 .mt-3-->\n                            <div class=\"col-12 mt-3\">\n                <!--start card-->\n                <div class=\"card-wrapper card-space\">\n                    <div class=\"card card-bg card-big border-bottom-card\">\n                        <div class=\"card-body \">\n                                                        <div class=\"category-top\">\n                                                                                                            <span class=\"\">\n                                        <svg class=\"icon icon-secondary\">\n                                            <use xlink:href=\"https:\/\/conscaracas.esteri.it\/wp-content\/themes\/sedi-tema\/assets\/svg\/sprites.svg#it-calendar\"><\/use>\n                                        <\/svg> 15 enero 2026                                    <\/span>\n                                                                    <\/div>\n                            <h5 class=\"card-title big-heading text-uppercase\"><a class=\"text-body text-decoration-none\" href=\"https:\/\/conscaracas.esteri.it\/es\/news\/dal_consolato\/2026\/01\/referendum-constitucional-aprobatorio-2026\/\" title=\"REFERENDUM CONSTITUCIONAL APROBATORIO 2026\">REFERENDUM CONSTITUCIONAL APROBATORIO 2026<\/a><\/h5>\n                            <p class=\"card-text\">VOTO POR CORRESPONDENCIA DE LOS CIUDADANOS ITALIANOS EN EL EXTERIOR Y OPCI\u00d3N PARA VOTAR EN ITALIA Con decreto del Presidente de la Rep\u00fablica del 13\/01\/2026, publicado en la Gaceta Oficial del 14\/01\/2026, se establecieron las fechas 22 Y 23 DE MARZO DE 2026 para el refer\u00e9ndum, previsto por el art. 138 de la Constituci\u00f3n, para [&hellip;]<\/p>\n                                <a title=\"REFERENDUM CONSTITUCIONAL APROBATORIO 2026\" class=\"read-more\" href=\"https:\/\/conscaracas.esteri.it\/es\/news\/dal_consolato\/2026\/01\/referendum-constitucional-aprobatorio-2026\/\">\n                                    <span class=\"text\">Lee mas<\/span>\n                                    <svg class=\"icon\">\n                                    <use xlink:href=\"https:\/\/conscaracas.esteri.it\/wp-content\/themes\/sedi-tema\/assets\/svg\/sprites.svg#it-arrow-right\"><\/use>\n                                    <\/svg>\n                                <\/a>\n                                                    <\/div>\n                    <\/div>\n                <\/div>\n                <!--end card-->\n                <\/div><!-- col-12 .mt-3-->\n                            <div class=\"col-12 mt-3\">\n                <!--start card-->\n                <div class=\"card-wrapper card-space\">\n                    <div class=\"card card-bg card-big border-bottom-card\">\n                        <div class=\"card-body \">\n                                                        <div class=\"category-top\">\n                                                                                                            <span class=\"\">\n                                        <svg class=\"icon icon-secondary\">\n                                            <use xlink:href=\"https:\/\/conscaracas.esteri.it\/wp-content\/themes\/sedi-tema\/assets\/svg\/sprites.svg#it-calendar\"><\/use>\n                                        <\/svg> 15 enero 2026                                    <\/span>\n                                                                    <\/div>\n                            <h5 class=\"card-title big-heading text-uppercase\"><a class=\"text-body text-decoration-none\" href=\"https:\/\/conscaracas.esteri.it\/es\/news\/dal_consolato\/2026\/01\/referendum-constitucional-aprobatorio-2026-2\/\" title=\"VOTO POR CORRESPONDENCIA DE LOS CIUDADANOS ITALIANOS EN EL EXTERIOR Y OPCI\u00d3N PARA VOTAR EN ITALIA\">VOTO POR CORRESPONDENCIA DE LOS CIUDADANOS ITALIANOS EN EL EXTERIOR Y OPCI\u00d3N PARA VOTAR EN ITALIA<\/a><\/h5>\n                            <p class=\"card-text\">VOTO POR CORRESPONDENCIA DE LOS CIUDADANOS ITALIANOS EN EL EXTERIOR Y OPCI\u00d3N PARA VOTAR EN ITALIA Con decreto del Presidente de la Rep\u00fablica del 13\/01\/2026, publicado en la Gaceta Oficial del 14\/01\/2026, se establecieron las fechas 22 Y 23 DE MARZO DE 2026 para el refer\u00e9ndum, previsto por el art. 138 de la Constituci\u00f3n, para [&hellip;]<\/p>\n                                <a title=\"VOTO POR CORRESPONDENCIA DE LOS CIUDADANOS ITALIANOS EN EL EXTERIOR Y OPCI\u00d3N PARA VOTAR EN ITALIA\" class=\"read-more\" href=\"https:\/\/conscaracas.esteri.it\/es\/news\/dal_consolato\/2026\/01\/referendum-constitucional-aprobatorio-2026-2\/\">\n                                    <span class=\"text\">Lee mas<\/span>\n                                    <svg class=\"icon\">\n                                    <use xlink:href=\"https:\/\/conscaracas.esteri.it\/wp-content\/themes\/sedi-tema\/assets\/svg\/sprites.svg#it-arrow-right\"><\/use>\n                                    <\/svg>\n                                <\/a>\n                                                    <\/div>\n                    <\/div>\n                <\/div>\n                <!--end card-->\n                <\/div><!-- col-12 .mt-3-->\n                            <div class=\"col-12 mt-3\">\n                <!--start card-->\n                <div class=\"card-wrapper card-space\">\n                    <div class=\"card card-bg card-big border-bottom-card\">\n                        <div class=\"card-body \">\n                                                        <div class=\"category-top\">\n                                                                                                            <span class=\"\">\n                                        <svg class=\"icon icon-secondary\">\n                                            <use xlink:href=\"https:\/\/conscaracas.esteri.it\/wp-content\/themes\/sedi-tema\/assets\/svg\/sprites.svg#it-calendar\"><\/use>\n                                        <\/svg> 15 enero 2026                                    <\/span>\n                                                                    <\/div>\n                            <h5 class=\"card-title big-heading text-uppercase\"><a class=\"text-body text-decoration-none\" href=\"https:\/\/conscaracas.esteri.it\/es\/news\/dal_consolato\/2026\/01\/referendum-costituzionale-confermativo-2026\/\" title=\"Referendum Costituzionale Confermativo 2026\">Referendum Costituzionale Confermativo 2026<\/a><\/h5>\n                            <p class=\"card-text\">Todas las informaciones, comunicaciones, los formularios y el calendario ser\u00e1n publicados en esta secci\u00f3n. Se ruega enviar todas las solicitudes sobre las elecciones a la direcci\u00f3n de correo: elettorale.caracas@esteri.it 23\/01\/2026 &#8211; Opci\u00f3n de los votantes que se encuentran temporalmente en el exterior 19\/01\/2026 &#8211; Todas las informaciones sobre el Referendum 14\/01\/2026 &#8211; Comunicaci\u00f3n sobre las [&hellip;]<\/p>\n                                <a title=\"Referendum Costituzionale Confermativo 2026\" class=\"read-more\" href=\"https:\/\/conscaracas.esteri.it\/es\/news\/dal_consolato\/2026\/01\/referendum-costituzionale-confermativo-2026\/\">\n                                    <span class=\"text\">Lee mas<\/span>\n                                    <svg class=\"icon\">\n                                    <use xlink:href=\"https:\/\/conscaracas.esteri.it\/wp-content\/themes\/sedi-tema\/assets\/svg\/sprites.svg#it-arrow-right\"><\/use>\n                                    <\/svg>\n                                <\/a>\n                                                    <\/div>\n                    <\/div>\n                <\/div>\n                <!--end card-->\n                <\/div><!-- col-12 .mt-3-->\n            \n            <div class=\"col-md-12 mt-4 pb-4\">\n                <nav class=\"navigation col-md-12\" aria-label=\"Navigation\">\n                    <h2 class=\"screen-reader-text visually-hidden\">Paginaci\u00f3n<\/h2>\n                    <div class=\"nav-links\">\n                    <span aria-current=\"page\" class=\"page-numbers current\">1<\/span>\n<a class=\"page-numbers\" href=\"https:\/\/conscaracas.esteri.it\/es\/wp-json\/wp\/v2\/pages\/215\/?pag=2\">2<\/a>\n<a class=\"page-numbers\" href=\"https:\/\/conscaracas.esteri.it\/es\/wp-json\/wp\/v2\/pages\/215\/?pag=3\">3<\/a>\n<span class=\"page-numbers dots\">&hellip;<\/span>\n<a class=\"page-numbers\" href=\"https:\/\/conscaracas.esteri.it\/es\/wp-json\/wp\/v2\/pages\/215\/?pag=19\">19<\/a>\n<a class=\"next page-numbers\" href=\"https:\/\/conscaracas.esteri.it\/es\/wp-json\/wp\/v2\/pages\/215\/?pag=2\"><svg class=\"icon icon-primary\"><use xlink:href=\"https:\/\/conscaracas.esteri.it\/wp-content\/themes\/sedi-tema\/assets\/svg\/sprites.svg#it-chevron-right\"><\/use><\/svg>\n                                    <span class=\"visually-hidden\">Siguiente p\u00e1gina<\/span><\/a>                    <\/div>\n                <\/nav>\n            <\/div>   <!--.col-md-12 -->\n              <\/div><!--.row -->\n              \n","protected":false},"excerpt":{"rendered":"","protected":false},"author":1,"featured_media":0,"parent":0,"menu_order":10,"comment_status":"closed","ping_status":"closed","template":"","meta":{"footnotes":""},"class_list":["post-215","page","type-page","status-publish","hentry"],"_links":{"self":[{"href":"https:\/\/conscaracas.esteri.it\/es\/wp-json\/wp\/v2\/pages\/215","targetHints":{"allow":["GET"]}}],"collection":[{"href":"https:\/\/conscaracas.esteri.it\/es\/wp-json\/wp\/v2\/pages"}],"about":[{"href":"https:\/\/conscaracas.esteri.it\/es\/wp-json\/wp\/v2\/types\/page"}],"author":[{"embeddable":true,"href":"https:\/\/conscaracas.esteri.it\/es\/wp-json\/wp\/v2\/users\/1"}],"replies":[{"embeddable":true,"href":"https:\/\/conscaracas.esteri.it\/es\/wp-json\/wp\/v2\/comments?post=215"}],"version-history":[{"count":0,"href":"https:\/\/conscaracas.esteri.it\/es\/wp-json\/wp\/v2\/pages\/215\/revisions"}],"wp:attachment":[{"href":"https:\/\/conscaracas.esteri.it\/es\/wp-json\/wp\/v2\/media?parent=215"}],"curies":[{"name":"wp","href":"https:\/\/api.w.org\/{rel}","templated":true}]}}